{"id":1989,"date":"2018-06-05T14:59:03","date_gmt":"2018-06-05T13:59:03","guid":{"rendered":"https:\/\/naturtherapies.com\/jose-figueroa"},"modified":"2025-05-23T07:35:51","modified_gmt":"2025-05-23T06:35:51","slug":"jose-figueroa-garcia","status":"publish","type":"page","link":"https:\/\/naturtherapies.com\/es\/jose-figueroa-garcia\/","title":{"rendered":"Jos\u00e9 Figueroa Garc\u00eda"},"content":{"rendered":"<div class=\"wpb-content-wrapper\"><p>[vc_row css_animation=\u00bb\u00bb row_type=\u00bbrow\u00bb use_row_as_full_screen_section=\u00bbno\u00bb type=\u00bbgrid\u00bb angled_section=\u00bbno\u00bb text_align=\u00bbcenter\u00bb background_image_as_pattern=\u00bbwithout_pattern\u00bb z_index=\u00bb\u00bb css=\u00bb.vc_custom_1585954327926{margin-right: 20px !important;margin-left: 20px !important;padding-top: 130px !important;padding-bottom: 50px !important;background-position: center !important;background-repeat: no-repeat !important;background-size: cover !important;}\u00bb][vc_column][qode_elements_holder number_of_columns=\u00bbone_column\u00bb][qode_elements_holder_item horizontal_alignment=\u00bbcenter\u00bb advanced_animations=\u00bbno\u00bb item_padding=\u00bb0 14% 65px\u00bb item_padding_1280_1440=\u00bb0 7% 65px\u00bb item_padding_1024_1280=\u00bb0 7% 65px\u00bb item_padding_768_1024=\u00bb0 14% 65px\u00bb item_padding_600_768=\u00bb0 0% 65px\u00bb item_padding_480_600=\u00bb0 0% 65px\u00bb item_padding_480=\u00bb0 0% 65px\u00bb][vc_single_image image=\u00bb2307&#8243; img_size=\u00bbfull\u00bb alignment=\u00bbcenter\u00bb css=\u00bb\u00bb qode_css_animation=\u00bb\u00bb][vc_empty_space height=\u00bb25px\u00bb][vc_column_text css=\u00bb\u00bb]<strong>Jos\u00e9 Figueroa Garc\u00eda<\/strong> es actualmente presentador del <a href=\"https:\/\/youtube.com\/playlist?list=PLTPTwSHwOh08uTUY8MJCKlBQoPbj8suRh&amp;si=sDlUqsX7gsfTtDRA\" target=\"_blank\" rel=\"noopener\"><strong>programa <em>\u201cTiempos Interesantes\u201d<\/em><\/strong><\/a> en la emisora \u200b\u200bcanaria <a href=\"https:\/\/www.ladiez.es\/\" target=\"_blank\" rel=\"noopener\"><strong>La Diez Capital Radio<\/strong><\/a>; un programa dedicado al \u00e1mbito del misterio, la espiritualidad, el desarrollo personal, medicina natural y temas de actualidad.<\/p>\n<p>&nbsp;<\/p>\n<p style=\"text-align: center;\"><a href=\"https:\/\/youtube.com\/playlist?list=PLTPTwSHwOh08uTUY8MJCKlBQoPbj8suRh&amp;si=2e42f4sWzERE2Cox\" target=\"_blank\" rel=\"noopener\"><img loading=\"lazy\" decoding=\"async\" class=\"aligncenter wp-image-2511\" src=\"https:\/\/naturtherapies.com\/wp-content\/uploads\/2025\/02\/Tiempos-Interesantes-Jose-Figueroa-Garcia-La-Diez-Capital-Radio-1024x1024.png\" alt=\"Programa Tiempos Interesantes con Jos\u00e9 Figueroa Garc\u00eda en La Diez Capital Radio\" width=\"550\" height=\"550\" srcset=\"https:\/\/naturtherapies.com\/wp-content\/uploads\/2025\/02\/Tiempos-Interesantes-Jose-Figueroa-Garcia-La-Diez-Capital-Radio-1024x1024.png 1024w, https:\/\/naturtherapies.com\/wp-content\/uploads\/2025\/02\/Tiempos-Interesantes-Jose-Figueroa-Garcia-La-Diez-Capital-Radio-900x900.png 900w, https:\/\/naturtherapies.com\/wp-content\/uploads\/2025\/02\/Tiempos-Interesantes-Jose-Figueroa-Garcia-La-Diez-Capital-Radio-100x100.png 100w, https:\/\/naturtherapies.com\/wp-content\/uploads\/2025\/02\/Tiempos-Interesantes-Jose-Figueroa-Garcia-La-Diez-Capital-Radio-300x300.png 300w, https:\/\/naturtherapies.com\/wp-content\/uploads\/2025\/02\/Tiempos-Interesantes-Jose-Figueroa-Garcia-La-Diez-Capital-Radio-150x150.png 150w, https:\/\/naturtherapies.com\/wp-content\/uploads\/2025\/02\/Tiempos-Interesantes-Jose-Figueroa-Garcia-La-Diez-Capital-Radio-768x768.png 768w, https:\/\/naturtherapies.com\/wp-content\/uploads\/2025\/02\/Tiempos-Interesantes-Jose-Figueroa-Garcia-La-Diez-Capital-Radio-570x570.png 570w, https:\/\/naturtherapies.com\/wp-content\/uploads\/2025\/02\/Tiempos-Interesantes-Jose-Figueroa-Garcia-La-Diez-Capital-Radio-500x500.png 500w, https:\/\/naturtherapies.com\/wp-content\/uploads\/2025\/02\/Tiempos-Interesantes-Jose-Figueroa-Garcia-La-Diez-Capital-Radio-1000x1000.png 1000w, https:\/\/naturtherapies.com\/wp-content\/uploads\/2025\/02\/Tiempos-Interesantes-Jose-Figueroa-Garcia-La-Diez-Capital-Radio-700x700.png 700w, https:\/\/naturtherapies.com\/wp-content\/uploads\/2025\/02\/Tiempos-Interesantes-Jose-Figueroa-Garcia-La-Diez-Capital-Radio.png 1080w\" sizes=\"auto, (max-width: 550px) 100vw, 550px\" \/><\/a><\/p>\n<p>&nbsp;<\/p>\n<p><em><strong>Tiempos Interesantes\u00a0<\/strong><\/em>tambi\u00e9n se puede escuchar online a trav\u00e9s de la <a href=\"http:\/\/www.ladiez.es\" target=\"_blank\" rel=\"noopener\"><strong>p\u00e1gina<\/strong> <strong>web de La Diez Capital Radio<\/strong><\/a>, de la plataforma gratuita <a href=\"https:\/\/www.ivoox.com\/audios-diez-capital-radio_s0_f2117669_p2_1.html?o=all\" target=\"_blank\" rel=\"noopener\"><strong>Ivoox<\/strong><\/a> y del <a href=\"https:\/\/www.youtube.com\/@JoseFigueroa.Official\" target=\"_blank\" rel=\"noopener\"><strong>canal de Youtube de Jos\u00e9 Figueroa<\/strong><\/a>.[\/vc_column_text][vc_column_text css=\u00bb\u00bb]Jos\u00e9 tambi\u00e9n crea y organiza <strong>viajes inici\u00e1ticos, de autor y experiencias de sanaci\u00f3n<\/strong> para grupos reducidos alrededor del mundo a <strong>lugares de poder<\/strong>, altas energ\u00edas espirituales y de sanaci\u00f3n en colaboraci\u00f3n con expertos reconocidos en campos como la simbolog\u00eda, arquitectura, geometr\u00eda sagrada, mediumnidad y sanaci\u00f3n, entre otros, para as\u00ed ofrecer una experiencia inolvidable que se convierta en un antes y un despu\u00e9s en la vida del viajero. Para m\u00e1s informaci\u00f3n acerca de los pr\u00f3ximos viajes, <a href=\"https:\/\/naturtherapies.com\/es\/eventos\/\" target=\"_blank\" rel=\"noopener\"><strong>haz click aqu\u00ed<\/strong><\/a> o <a href=\"https:\/\/web.whatsapp.com\/send\/?phone=34689383232&amp;text=Hola+%2AJos%C3%A9+Figueroa%2A.+Necesito+m%C3%A1s+informaci%C3%B3n+sobre+Events+https%3A%2F%2Fnaturtherapies.com%2Fnext-events&amp;type=phone_number&amp;app_absent=0\" target=\"_blank\" rel=\"noopener\"><strong>contacta directamente con Jos\u00e9<\/strong><\/a>.[\/vc_column_text][vc_column_text css=\u00bb\u00bb]<\/p>\n<h2>Experiencia Profesional<\/h2>\n<p>[\/vc_column_text][vc_column_text css=\u00bb\u00bb]<strong>Jos\u00e9 Figueroa Garc\u00eda<\/strong> naci\u00f3 en 1970 y en 1984 se inici\u00f3 en las <strong>tradiciones esot\u00e9ricas<\/strong> y en 1986 en la <strong>Teurgia<\/strong> y la <strong>Sanaci\u00f3n Energ\u00e9tica<\/strong>. Desde entonces ha estudiado con una amplia variedad de <strong>maestros orientales y occidentales<\/strong> en diferentes tradiciones y pr\u00e1cticas, incluyendo, entre otras:[\/vc_column_text][vc_column_text css=\u00bb\u00bb]<strong>A. Singh<\/strong> (M\u00e9todo Silva, Sanaci\u00f3n Energ\u00e9tica, Teurgia), Choygal Namkhai Norbu Rinpoche, Su Santidad el Sakya Trizin y Lama Changchub en la Pr\u00e1ctica Budista T\u00e1ntrica, Dr. Daniel Bennor (T\u00e9cnica WHEE), Sanz Sensei (Rei Jukido), Santiago S. Martin (Reibah SANATE Academy), Dr. Horacio Verini (Psico-Neuro Inmuno Endocrinolog\u00eda en la Universidad de Toledo), Fuminori Aoki Sensei (Dentho Reiki Tradicional Japon\u00e9s en Jap\u00f3n), P. Lowe Sensei (Teno Hira Ryoji en Jap\u00f3n), Masaru Emoto sobre las misteriosas tradiciones Shinto y la investigaci\u00f3n de renombre mundial del Dr. Emoto sobre los misterios del agua, en Jap\u00f3n.[\/vc_column_text][vc_column_text css=\u00bb\u00bb]Jos\u00e9 es actualmente terapeuta de medicina hol\u00edstica, especialista en tradiciones ancestrales, coach, mentor de vida consciente y de negocios, y ha sido copresentador del <a href=\"https:\/\/youtube.com\/playlist?list=PLTPTwSHwOh0_iYndVromDJygfF6cfHs3C&amp;si=SSTRdToAOHOAZATP\" target=\"_blank\" rel=\"noopener\"><strong>programa <em>\u201cEl Remate\u201d<\/em><\/strong> <\/a>en la radio canaria <strong>La Diez Capital Radio<\/strong>. Trabaja como terapeuta de flores de Bach, sanador de sonido m\u00e1ntrico y profesor intuitivo de Reiki. Es el creador de la serie de talleres <a href=\"https:\/\/naturtherapies.com\/es\/intuicion-compasion-consciencia\/\" target=\"_blank\" rel=\"noopener\"><em><strong>Intuici\u00f3n, Compasi\u00f3n y Conciencia (ICC)<\/strong><\/em><\/a> y de la formaci\u00f3n <a href=\"https:\/\/naturtherapies.com\/es\/lecciones-del-alma\/\" target=\"_blank\" rel=\"noopener\"><strong><em>Lecciones del Alma, Patrones K\u00e1rmicos y Remedios Florales de Bach<\/em><\/strong><\/a>, que imparte en todo el mundo.[\/vc_column_text][vc_column_text css=\u00bb\u00bb]Ha ofrecido consultas individuales y talleres a nivel internacional y ha coordinado numerosos programas de Reiki en instituciones sanitarias como el <a href=\"http:\/\/hestiaalliance.org\/hestia-duran-i-reynals\/\" target=\"_blank\" rel=\"noopener\"><strong>Hospital Duran i Reynals de Barcelona<\/strong><\/a> (el mayor hospital oncol\u00f3gico de Europa). Ha formado a profesionales de la salud, tanto de medicina convencional (m\u00e9dicos, enfermeras, fisioterapeutas, etc.) como a profesionales y terapeutas hol\u00edsticos, as\u00ed como a personas comprometidas con el crecimiento personal, en pa\u00edses como Estados Unidos, M\u00e9xico, Escandinavia, Norte y Sur de Europa, Sud\u00e1frica y Extremo Oriente.[\/vc_column_text][vc_column_text css=\u00bb\u00bb]Tambi\u00e9n cuenta con una <strong>amplia experiencia en periodismo empresarial y corporativo<\/strong> que adquiri\u00f3 en toda Europa antes de tomar la decisi\u00f3n de dedicar su tiempo a seguir su pasi\u00f3n y ayudar a otros en el campo del crecimiento personal, la medicina energ\u00e9tica y la sanaci\u00f3n:[\/vc_column_text][vc_column_text css=\u00bb\u00bb]<\/p>\n<ul>\n<li><strong>Entre 1992-2001<\/strong>: Jos\u00e9 trabaj\u00f3 en Londres como periodista de investigaci\u00f3n freelance para la BBC (ayudando al periodista de investigaci\u00f3n Michael Guillard), Tokyo Broadcasting Systems (trabajando directamente con Satoshi Yanai, el corresponsal senior en el Reino Unido y Europa), Tele 5 Espa\u00f1a (Programa Misterios sin resolver) despu\u00e9s de lo cual trabaj\u00f3 para la agencia de detectives privados Enigma Investigations, donde ejerci\u00f3 durante varios a\u00f1os como contratista independiente despu\u00e9s de lo cual entr\u00f3 en el mundo corporativo para trabajar para una variedad de empresas como Sterling Publications como Gerente de Cuentas (editores en ese momento de t\u00edtulos como Debretts world of travel), Garavi Gujurat Publications como Gerente de Ventas (comerciante asi\u00e1tico, negocio farmac\u00e9utico), Culture Shock (Gerente de Cuentas), el peri\u00f3dico Noticias Latinoam\u00e9rica edici\u00f3n de Londres como Editor Adjunto y Director de Ventas, multinacionales como PR Newswire Europe en diferentes pa\u00edses, en roles como desde Gerente de Cuentas hasta Director de Ventas.<\/li>\n<\/ul>\n<p>[\/vc_column_text][vc_column_text css=\u00bb\u00bb]<\/p>\n<ul>\n<li><strong>2001<\/strong>: Finalmente se traslad\u00f3 a Madrid como Estratega Corporativo para el Sur de Europa, tras lo cual fue contratado para trabajar como Director General de Bennan and Associates, especialistas en comunicaciones y relaciones p\u00fablicas, desde donde mont\u00f3 su propio negocio: Serendipity Art Management e inversiones inmobiliarias.<\/li>\n<\/ul>\n<p>[\/vc_column_text][vc_column_text css=\u00bb\u00bb]<\/p>\n<ul>\n<li><strong>2006<\/strong>: Jos\u00e9 abandon\u00f3 el mundo corporativo y empresarial y decidi\u00f3 convertir su pasi\u00f3n por la espiritualidad, la medicina energ\u00e9tica y la sanaci\u00f3n en su trabajo a tiempo completo, el cual ejerce alrededor del mundo.<\/li>\n<\/ul>\n<p>[\/vc_column_text][\/qode_elements_holder_item][\/qode_elements_holder][\/vc_column][\/vc_row][vc_row css_animation=\u00bb\u00bb row_type=\u00bbrow\u00bb use_row_as_full_screen_section=\u00bbno\u00bb type=\u00bbfull_width\u00bb angled_section=\u00bbno\u00bb text_align=\u00bbleft\u00bb background_image_as_pattern=\u00bbwithout_pattern\u00bb][vc_column width=\u00bb1\/4&#8243;][\/vc_column][vc_column width=\u00bb1\/2&#8243;][vc_gallery interval=\u00bb3&#8243; images=\u00bb356,355,354,352,351,350,349,300,299,298,297,296,426,427,428,429,430,431&#8243; img_size=\u00bblarge\u00bb css=\u00bb\u00bb][\/vc_column][vc_column width=\u00bb1\/4&#8243;][\/vc_column][\/vc_row]<\/p>\n<\/div>","protected":false},"excerpt":{"rendered":"<p>[vc_row css_animation=\u00bb\u00bb row_type=\u00bbrow\u00bb use_row_as_full_screen_section=\u00bbno\u00bb type=\u00bbgrid\u00bb angled_section=\u00bbno\u00bb text_align=\u00bbcenter\u00bb background_image_as_pattern=\u00bbwithout_pattern\u00bb z_index=\u00bb\u00bb css=\u00bb.vc_custom_1585954327926{margin-right: 20px !important;margin-left: 20px !important;padding-top: 130px !important;padding-bottom: 50px !important;background-position: center !important;background-repeat: no-repeat !important;background-size: cover !important;}\u00bb][vc_column][qode_elements_holder number_of_columns=\u00bbone_column\u00bb][qode_elements_holder_item horizontal_alignment=\u00bbcenter\u00bb advanced_animations=\u00bbno\u00bb item_padding=\u00bb0 14% 65px\u00bb item_padding_1280_1440=\u00bb0 7% 65px\u00bb item_padding_1024_1280=\u00bb0 7% 65px\u00bb item_padding_768_1024=\u00bb0 14% 65px\u00bb item_padding_600_768=\u00bb0 0% 65px\u00bb item_padding_480_600=\u00bb0 0% 65px\u00bb&#8230;<\/p>\n","protected":false},"author":1,"featured_media":0,"parent":0,"menu_order":0,"comment_status":"closed","ping_status":"closed","template":"full_width.php","meta":{"give_campaign_id":0,"_joinchat":[],"footnotes":""},"class_list":["post-1989","page","type-page","status-publish","hentry"],"yoast_head":"<!-- This site is optimized with the Yoast SEO plugin v26.9 - https:\/\/yoast.com\/product\/yoast-seo-wordpress\/ -->\n<title>Jos\u00e9 Figueroa Garc\u00eda - Naturtherapies<\/title>\n<meta name=\"description\" content=\"\u00bfQui\u00e9n es Jos\u00e9 Figueroa Garc\u00eda? Conoce m\u00e1s sobre este terapeuta de medicina energ\u00e9tica y especialista en tradiciones ancestrales.\" \/>\n<meta name=\"robots\" content=\"index, follow, max-snippet:-1, max-image-preview:large, max-video-preview:-1\" \/>\n<link rel=\"canonical\" href=\"https:\/\/naturtherapies.com\/es\/jose-figueroa-garcia\/\" \/>\n<meta property=\"og:locale\" content=\"es_ES\" \/>\n<meta property=\"og:type\" content=\"article\" \/>\n<meta property=\"og:title\" content=\"Jos\u00e9 Figueroa Garc\u00eda - Naturtherapies\" \/>\n<meta property=\"og:description\" content=\"\u00bfQui\u00e9n es Jos\u00e9 Figueroa Garc\u00eda? Conoce m\u00e1s sobre este terapeuta de medicina energ\u00e9tica y especialista en tradiciones ancestrales.\" \/>\n<meta property=\"og:url\" content=\"https:\/\/naturtherapies.com\/es\/jose-figueroa-garcia\/\" \/>\n<meta property=\"og:site_name\" content=\"Naturtherapies\" \/>\n<meta property=\"article:publisher\" content=\"https:\/\/www.facebook.com\/people\/Jos-D-Figueroa-Garcia-Estonia\/100081915895475\/\" \/>\n<meta property=\"article:modified_time\" content=\"2025-05-23T06:35:51+00:00\" \/>\n<meta property=\"og:image\" content=\"https:\/\/naturtherapies.com\/wp-content\/uploads\/2025\/02\/Tiempos-Interesantes-Jose-Figueroa-Garcia-La-Diez-Capital-Radio-1024x1024.png\" \/>\n<meta name=\"twitter:card\" content=\"summary_large_image\" \/>\n<meta name=\"twitter:label1\" content=\"Tiempo de lectura\" \/>\n\t<meta name=\"twitter:data1\" content=\"4 minutos\" \/>\n<script type=\"application\/ld+json\" class=\"yoast-schema-graph\">{\"@context\":\"https:\/\/schema.org\",\"@graph\":[{\"@type\":\"WebPage\",\"@id\":\"https:\/\/naturtherapies.com\/es\/jose-figueroa-garcia\/\",\"url\":\"https:\/\/naturtherapies.com\/es\/jose-figueroa-garcia\/\",\"name\":\"Jos\u00e9 Figueroa Garc\u00eda - Naturtherapies\",\"isPartOf\":{\"@id\":\"https:\/\/naturtherapies.com\/es\/#website\"},\"primaryImageOfPage\":{\"@id\":\"https:\/\/naturtherapies.com\/es\/jose-figueroa-garcia\/#primaryimage\"},\"image\":{\"@id\":\"https:\/\/naturtherapies.com\/es\/jose-figueroa-garcia\/#primaryimage\"},\"thumbnailUrl\":\"https:\/\/naturtherapies.com\/wp-content\/uploads\/2025\/02\/Tiempos-Interesantes-Jose-Figueroa-Garcia-La-Diez-Capital-Radio-1024x1024.png\",\"datePublished\":\"2018-06-05T13:59:03+00:00\",\"dateModified\":\"2025-05-23T06:35:51+00:00\",\"description\":\"\u00bfQui\u00e9n es Jos\u00e9 Figueroa Garc\u00eda? Conoce m\u00e1s sobre este terapeuta de medicina energ\u00e9tica y especialista en tradiciones ancestrales.\",\"breadcrumb\":{\"@id\":\"https:\/\/naturtherapies.com\/es\/jose-figueroa-garcia\/#breadcrumb\"},\"inLanguage\":\"es\",\"potentialAction\":[{\"@type\":\"ReadAction\",\"target\":[\"https:\/\/naturtherapies.com\/es\/jose-figueroa-garcia\/\"]}]},{\"@type\":\"ImageObject\",\"inLanguage\":\"es\",\"@id\":\"https:\/\/naturtherapies.com\/es\/jose-figueroa-garcia\/#primaryimage\",\"url\":\"https:\/\/naturtherapies.com\/wp-content\/uploads\/2025\/02\/Tiempos-Interesantes-Jose-Figueroa-Garcia-La-Diez-Capital-Radio-1024x1024.png\",\"contentUrl\":\"https:\/\/naturtherapies.com\/wp-content\/uploads\/2025\/02\/Tiempos-Interesantes-Jose-Figueroa-Garcia-La-Diez-Capital-Radio-1024x1024.png\"},{\"@type\":\"BreadcrumbList\",\"@id\":\"https:\/\/naturtherapies.com\/es\/jose-figueroa-garcia\/#breadcrumb\",\"itemListElement\":[{\"@type\":\"ListItem\",\"position\":1,\"name\":\"Portada\",\"item\":\"https:\/\/naturtherapies.com\/es\/inicio\/\"},{\"@type\":\"ListItem\",\"position\":2,\"name\":\"Jos\u00e9 Figueroa Garc\u00eda\"}]},{\"@type\":\"WebSite\",\"@id\":\"https:\/\/naturtherapies.com\/es\/#website\",\"url\":\"https:\/\/naturtherapies.com\/es\/\",\"name\":\"NATURTHERAPIES\",\"description\":\"\",\"potentialAction\":[{\"@type\":\"SearchAction\",\"target\":{\"@type\":\"EntryPoint\",\"urlTemplate\":\"https:\/\/naturtherapies.com\/es\/?s={search_term_string}\"},\"query-input\":{\"@type\":\"PropertyValueSpecification\",\"valueRequired\":true,\"valueName\":\"search_term_string\"}}],\"inLanguage\":\"es\"}]}<\/script>\n<!-- \/ Yoast SEO plugin. -->","yoast_head_json":{"title":"Jos\u00e9 Figueroa Garc\u00eda - Naturtherapies","description":"\u00bfQui\u00e9n es Jos\u00e9 Figueroa Garc\u00eda? Conoce m\u00e1s sobre este terapeuta de medicina energ\u00e9tica y especialista en tradiciones ancestrales.","robots":{"index":"index","follow":"follow","max-snippet":"max-snippet:-1","max-image-preview":"max-image-preview:large","max-video-preview":"max-video-preview:-1"},"canonical":"https:\/\/naturtherapies.com\/es\/jose-figueroa-garcia\/","og_locale":"es_ES","og_type":"article","og_title":"Jos\u00e9 Figueroa Garc\u00eda - Naturtherapies","og_description":"\u00bfQui\u00e9n es Jos\u00e9 Figueroa Garc\u00eda? Conoce m\u00e1s sobre este terapeuta de medicina energ\u00e9tica y especialista en tradiciones ancestrales.","og_url":"https:\/\/naturtherapies.com\/es\/jose-figueroa-garcia\/","og_site_name":"Naturtherapies","article_publisher":"https:\/\/www.facebook.com\/people\/Jos-D-Figueroa-Garcia-Estonia\/100081915895475\/","article_modified_time":"2025-05-23T06:35:51+00:00","og_image":[{"url":"https:\/\/naturtherapies.com\/wp-content\/uploads\/2025\/02\/Tiempos-Interesantes-Jose-Figueroa-Garcia-La-Diez-Capital-Radio-1024x1024.png","type":"","width":"","height":""}],"twitter_card":"summary_large_image","twitter_misc":{"Tiempo de lectura":"4 minutos"},"schema":{"@context":"https:\/\/schema.org","@graph":[{"@type":"WebPage","@id":"https:\/\/naturtherapies.com\/es\/jose-figueroa-garcia\/","url":"https:\/\/naturtherapies.com\/es\/jose-figueroa-garcia\/","name":"Jos\u00e9 Figueroa Garc\u00eda - Naturtherapies","isPartOf":{"@id":"https:\/\/naturtherapies.com\/es\/#website"},"primaryImageOfPage":{"@id":"https:\/\/naturtherapies.com\/es\/jose-figueroa-garcia\/#primaryimage"},"image":{"@id":"https:\/\/naturtherapies.com\/es\/jose-figueroa-garcia\/#primaryimage"},"thumbnailUrl":"https:\/\/naturtherapies.com\/wp-content\/uploads\/2025\/02\/Tiempos-Interesantes-Jose-Figueroa-Garcia-La-Diez-Capital-Radio-1024x1024.png","datePublished":"2018-06-05T13:59:03+00:00","dateModified":"2025-05-23T06:35:51+00:00","description":"\u00bfQui\u00e9n es Jos\u00e9 Figueroa Garc\u00eda? Conoce m\u00e1s sobre este terapeuta de medicina energ\u00e9tica y especialista en tradiciones ancestrales.","breadcrumb":{"@id":"https:\/\/naturtherapies.com\/es\/jose-figueroa-garcia\/#breadcrumb"},"inLanguage":"es","potentialAction":[{"@type":"ReadAction","target":["https:\/\/naturtherapies.com\/es\/jose-figueroa-garcia\/"]}]},{"@type":"ImageObject","inLanguage":"es","@id":"https:\/\/naturtherapies.com\/es\/jose-figueroa-garcia\/#primaryimage","url":"https:\/\/naturtherapies.com\/wp-content\/uploads\/2025\/02\/Tiempos-Interesantes-Jose-Figueroa-Garcia-La-Diez-Capital-Radio-1024x1024.png","contentUrl":"https:\/\/naturtherapies.com\/wp-content\/uploads\/2025\/02\/Tiempos-Interesantes-Jose-Figueroa-Garcia-La-Diez-Capital-Radio-1024x1024.png"},{"@type":"BreadcrumbList","@id":"https:\/\/naturtherapies.com\/es\/jose-figueroa-garcia\/#breadcrumb","itemListElement":[{"@type":"ListItem","position":1,"name":"Portada","item":"https:\/\/naturtherapies.com\/es\/inicio\/"},{"@type":"ListItem","position":2,"name":"Jos\u00e9 Figueroa Garc\u00eda"}]},{"@type":"WebSite","@id":"https:\/\/naturtherapies.com\/es\/#website","url":"https:\/\/naturtherapies.com\/es\/","name":"NATURTHERAPIES","description":"","potentialAction":[{"@type":"SearchAction","target":{"@type":"EntryPoint","urlTemplate":"https:\/\/naturtherapies.com\/es\/?s={search_term_string}"},"query-input":{"@type":"PropertyValueSpecification","valueRequired":true,"valueName":"search_term_string"}}],"inLanguage":"es"}]}},"campaignId":"","_links":{"self":[{"href":"https:\/\/naturtherapies.com\/es\/wp-json\/wp\/v2\/pages\/1989","targetHints":{"allow":["GET"]}}],"collection":[{"href":"https:\/\/naturtherapies.com\/es\/wp-json\/wp\/v2\/pages"}],"about":[{"href":"https:\/\/naturtherapies.com\/es\/wp-json\/wp\/v2\/types\/page"}],"author":[{"embeddable":true,"href":"https:\/\/naturtherapies.com\/es\/wp-json\/wp\/v2\/users\/1"}],"replies":[{"embeddable":true,"href":"https:\/\/naturtherapies.com\/es\/wp-json\/wp\/v2\/comments?post=1989"}],"version-history":[{"count":4,"href":"https:\/\/naturtherapies.com\/es\/wp-json\/wp\/v2\/pages\/1989\/revisions"}],"predecessor-version":[{"id":2643,"href":"https:\/\/naturtherapies.com\/es\/wp-json\/wp\/v2\/pages\/1989\/revisions\/2643"}],"wp:attachment":[{"href":"https:\/\/naturtherapies.com\/es\/wp-json\/wp\/v2\/media?parent=1989"}],"curies":[{"name":"wp","href":"https:\/\/api.w.org\/{rel}","templated":true}]}}