{"id":2006,"date":"2023-01-24T18:06:25","date_gmt":"2023-01-24T18:06:25","guid":{"rendered":"https:\/\/naturtherapies.com\/intuicion-compasion-y-conciencia-modulo-1a"},"modified":"2025-12-27T14:08:30","modified_gmt":"2025-12-27T14:08:30","slug":"intuicion-compasion-y-conciencia-modulo-1a","status":"publish","type":"page","link":"https:\/\/naturtherapies.com\/es\/intuicion-compasion-y-conciencia-modulo-1a\/","title":{"rendered":"Intuici\u00f3n, Compasi\u00f3n y Conciencia (M\u00f3dulo 1A)"},"content":{"rendered":"\n<p style=\"color:#8f8c69;font-size:35px\" class=\"has-text-color\"><strong>INTUICI\u00d3N, COMPASI\u00d3N Y CONCIENCIA (M\u00d3DULO 1A)<\/strong><\/p>\n\n<div style=\"height:40px\" aria-hidden=\"true\" class=\"wp-block-spacer\"><\/div>\n\n<p style=\"font-size:25px\"><strong>MISTERIOS DE LA SANACI\u00d3N, TRADICIONES ANTIGUAS, SECRETOS DE MAGIA COMPASIVA Y REIKI<\/strong><br\/>por Kriste Eerme y Jose Figueroa<\/p>\n\n<div style=\"height:25px\" aria-hidden=\"true\" class=\"wp-block-spacer\"><\/div>\n\n<p>La experiencia de Intuici\u00f3n, Compasi\u00f3n y Conciencia es un homenaje al deseo de tu alma de convertirse y expresar su voluntad superior en la vida diaria y en la pr\u00e1ctica de sanaci\u00f3n. Este retiro en M\u00e9xico es un viaje hacia la conciencia y el conocimiento, la magia ancestral y la sanaci\u00f3n. <\/p>\n\n<div style=\"height:25px\" aria-hidden=\"true\" class=\"wp-block-spacer\"><\/div>\n\n<p>Juntos, exploraremos las ense\u00f1anzas orales secretas de las tradiciones orientales y occidentales y tendr\u00e1s la oportunidad de conectar los puntos entre la psicolog\u00eda transpersonal, la f\u00edsica cu\u00e1ntica, la magia antigua, la metaf\u00edsica, el crecimiento personal, el trabajo sist\u00e9mico (constelaciones familiares) y muchas otras disciplinas. Estas tradiciones orales secretas te ofrecer\u00e1n una puerta de entrada a la Magia Sagrada y al conocimiento antiguo y no revelado que se ha transmitido de iniciados a adeptos durante miles de a\u00f1os. <\/p>\n\n<div style=\"height:25px\" aria-hidden=\"true\" class=\"wp-block-spacer\"><\/div>\n\n<p>Si buscas profundizar tu comprensi\u00f3n de los fen\u00f3menos de sanaci\u00f3n, familiarizarte con las tradiciones antiguas, recibir empoderamientos energ\u00e9ticos ancestrales y elevar tu intuici\u00f3n a niveles totalmente nuevos, este retiro es para ti. Ya seas un sanador energ\u00e9tico experimentado, un terapeuta hol\u00edstico, un terapeuta corporal o est\u00e9s comenzando tu camino de ayudar a los dem\u00e1s, esta formaci\u00f3n es esencial para expandir tu conciencia de la sanaci\u00f3n, el Esp\u00edritu y la esencia misma de la realidad. <\/p>\n\n<figure class=\"wp-block-image size-large\"><img loading=\"lazy\" decoding=\"async\" width=\"1024\" height=\"339\" src=\"https:\/\/naturtherapies.com\/wp-content\/uploads\/2023\/01\/Screenshot-2023-01-24-100124-1024x339.png\" alt=\"\" class=\"wp-image-1567\" srcset=\"https:\/\/naturtherapies.com\/wp-content\/uploads\/2023\/01\/Screenshot-2023-01-24-100124-1024x339.png 1024w, https:\/\/naturtherapies.com\/wp-content\/uploads\/2023\/01\/Screenshot-2023-01-24-100124-300x99.png 300w, https:\/\/naturtherapies.com\/wp-content\/uploads\/2023\/01\/Screenshot-2023-01-24-100124-768x255.png 768w, https:\/\/naturtherapies.com\/wp-content\/uploads\/2023\/01\/Screenshot-2023-01-24-100124-700x232.png 700w, https:\/\/naturtherapies.com\/wp-content\/uploads\/2023\/01\/Screenshot-2023-01-24-100124.png 1433w\" sizes=\"auto, (max-width: 1024px) 100vw, 1024px\" \/><\/figure>\n\n<div style=\"height:25px\" aria-hidden=\"true\" class=\"wp-block-spacer\"><\/div>\n\n<div style=\"height:40px\" aria-hidden=\"true\" class=\"wp-block-spacer\"><\/div>\n\n<p style=\"font-size:25px\"><strong>TESTIMONIOS<\/strong><\/p>\n\n<div style=\"height:20px\" aria-hidden=\"true\" class=\"wp-block-spacer\"><\/div>\n\n<p>Soy una coach y sanadora transformacional que ha asistido a dos retiros de Jos\u00e9. Recib\u00ed enormes beneficios de estos retiros y de las ense\u00f1anzas de Jos\u00e9. Anteriormente hab\u00eda recibido formaci\u00f3n en reiki, sin embargo, la formaci\u00f3n en profundidad de Jos\u00e9 complet\u00f3 las piezas que faltaban y me dio una perspectiva completamente nueva sobre el reiki que me hizo sentir m\u00e1s segura y con ganas de usarlo. Como alguien que hace trabajo energ\u00e9tico y brinda coaching en el \u00e1rea de manifestaci\u00f3n, tener una comprensi\u00f3n del lado esot\u00e9rico de las cosas me ha dado el contexto para convertirme en una coach m\u00e1s informada e impactante, y en una mejor sanadora. Recomiendo encarecidamente este retiro para cualquier practicante que est\u00e9 haciendo cualquier tipo de trabajo energ\u00e9tico.    <br\/><em>Coach transformacional, terapeuta y sanadora energ\u00e9tica: Susan Mathew.<\/em><\/p>\n\n<div style=\"height:25px\" aria-hidden=\"true\" class=\"wp-block-spacer\"><\/div>\n\n<p>Me inscrib\u00ed en el taller de ICC de Jos\u00e9 y Kriste con la esperanza de explorar m\u00e1s sobre la sanaci\u00f3n y las t\u00e9cnicas de Reiki. Me introduje en la espiritualidad al participar en 3 eventos de Joe Dispenza que me llevaron muy profundamente a las t\u00e9cnicas de meditaci\u00f3n y la f\u00edsica cu\u00e1ntica. Pens\u00e9 que nada podr\u00eda llevarme m\u00e1s all\u00e1. No esperaba quedar tan impresionada e inspirada por los talleres de ICC. Termin\u00f3 siendo una experiencia muy transformadora que cambi\u00f3 mi percepci\u00f3n de la realidad. Una inmersi\u00f3n profunda en los secretos del esoterismo, la sanaci\u00f3n y las leyes universales combinadas con muchas lecciones pr\u00e1cticas. Toda la educaci\u00f3n me proporcion\u00f3 una comprensi\u00f3n y un conocimiento muy necesarios sobre las herramientas m\u00e1gicas que recib\u00ed durante el taller. Estoy inmensamente agradecida por esta experiencia y definitivamente continuar\u00e9 mi educaci\u00f3n con Jos\u00e9 y Kriste. \u00a1No puedo esperar al pr\u00f3ximo!        <br\/><em>Terapeuta Energ\u00e9tica- Anna Adamczyk.<\/em><\/p>\n\n<div style=\"height:25px\" aria-hidden=\"true\" class=\"wp-block-spacer\"><\/div>\n\n<p>El retiro de Intuici\u00f3n, Compasi\u00f3n y Conciencia en M\u00e9xico organizado por Jos\u00e9 y Kriste fue la experiencia m\u00e1s incre\u00edble que he tenido jam\u00e1s. El conocimiento sobre el reiki se combin\u00f3 con el profundo conocimiento esot\u00e9rico y la sabidur\u00eda que se ha mantenido en secreto durante siglos y que enriqueci\u00f3 significativamente mi propio conocimiento. La proximidad de las antiguas pir\u00e1mides mexicanas al lugar del taller fue muy poderosa y empoderadora, algo que las personas m\u00e1s sensibles pudieron sentir f\u00e1cilmente. Las meditaciones y canalizaciones matinales de Kriste fueron tan interesantes que las esperaba con gran anticipaci\u00f3n y emoci\u00f3n. Me gust\u00f3 mucho haber obtenido tanta informaci\u00f3n y pr\u00e1cticas valiosas adem\u00e1s del reiki. \u00a1Se lo recomiendo a todo el mundo!      <br\/><em>Terapeuta y trabajadora energ\u00e9tica-Agnes Laine.<\/em><\/p>\n\n<div style=\"height:25px\" aria-hidden=\"true\" class=\"wp-block-spacer\"><\/div>\n\n<p>El retiro en Uxmal fue muy especial. Fue un lugar lujoso y al mismo tiempo natural, hospedarse en un hotel estilo hacienda de 100 a\u00f1os en medio de la jungla con el canto de los p\u00e1jaros por la ma\u00f1ana (hay m\u00e1s de 200 especies de aves <img loading=\"lazy\" decoding=\"async\" width=\"16\" height=\"16\" src=\"https:\/\/static.xx.fbcdn.net\/images\/emoji.php\/v9\/tc1\/1\/16\/1f62e.png\" alt=\"&#x1F62E;\"\/>), Un lugar muy especial desde el punto de vista energ\u00e9tico (a 5 minutos a pie se encuentra la pir\u00e1mide de los magos, que tiene una energ\u00eda muy poderosa), una comida deliciosa y nutritiva (incluso demasiado nutritiva ;-)) y, por supuesto, el retiro en s\u00ed mismo creado por Jos\u00e9 y Kriste. Fue m\u00e1gico c\u00f3mo las ense\u00f1anzas antiguas fueron acompa\u00f1adas por canalizaciones, sincronicidades y experiencias de diferentes lugares de poder seg\u00fan las necesidades del grupo. \u00a1Todav\u00eda me siento muy agradecida a m\u00ed misma por haberme permitido experimentar todo eso! Las ense\u00f1anzas de Jos\u00e9 sobre la intuici\u00f3n, la compasi\u00f3n y la conciencia y los secretos del reiki han ampliado la percepci\u00f3n y han ayudado a ver el mundo en un nivel muy profundo y han elevado el estado de conciencia como terapeuta. Al ser m\u00e1s consciente, es m\u00e1s f\u00e1cil ser compasivo sin juicios, que es la \u00fanica manera. Hoy siento que me dio una base muy s\u00f3lida como terapeuta. Es mucho m\u00e1s interesante y m\u00e1s f\u00e1cil ver la vida en su totalidad de esta manera.       <br\/><em>Terapeuta y Sanadora &#8211; Kadri Karula.<\/em><\/p>\n\n<div style=\"height:40px\" aria-hidden=\"true\" class=\"wp-block-spacer\"><\/div>\n\n<p style=\"font-size:25px\"><strong>ESPERE ESTOS RESULTADOS TANGIBLES A LO LARGO DEL RETIRO<\/strong><\/p>\n\n<div style=\"height:20px\" aria-hidden=\"true\" class=\"wp-block-spacer\"><\/div>\n\n<ul class=\"wp-block-list\"><li>Desarrolla y expande tu intuici\u00f3n<\/li><li>Sea testigo de c\u00f3mo su canal de energ\u00eda se ensancha y su capacidad de sanaci\u00f3n energ\u00e9tica aumenta exponencialmente.<\/li><li>Reciba herramientas pr\u00e1cticas para trabajar diariamente para elevar su frecuencia y tener un profundo impacto curativo en los dem\u00e1s.<\/li><li>Aprenda y d\u00e9 sentido a informaci\u00f3n totalmente nueva que no haya escuchado en ning\u00fan otro lugar<\/li><li>Experimente canalizaciones individuales y grupales con sus propios gu\u00edas espirituales y maestros espirituales del otro lado: esto le ofrecer\u00e1 una comprensi\u00f3n m\u00e1s profunda, una nueva perspectiva y conocimientos muy personales sobre su propia sanaci\u00f3n y camino de vida<\/li><li>Reciba informaci\u00f3n y herramientas valiosas que le permitir\u00e1n mejorar su pr\u00e1ctica de sanaci\u00f3n energ\u00e9tica<\/li><li>Transforma tu propia realidad y alin\u00e9ala con lo que tu yo superior desea para ti<\/li><li>Experimente un lugar poderoso lleno de historia y magia<\/li><li>Obtenga recuerdos inolvidables para llevar consigo a casa desde M\u00e9xico<\/li><\/ul>\n\n<div style=\"height:40px\" aria-hidden=\"true\" class=\"wp-block-spacer\"><\/div>\n\n<p style=\"font-size:25px\"><strong>TEMARIUM \u2013 ALGO DE LO QUE APRENDER\u00c1S<\/strong><\/p>\n\n<div style=\"height:20px\" aria-hidden=\"true\" class=\"wp-block-spacer\"><\/div>\n\n<p>Desarrolla tu intuici\u00f3n hasta su m\u00e1ximo potencial y convi\u00e9rtete en un canal para la voluntad superior, entrando en el camino oculto de la sanaci\u00f3n intuitiva<\/p>\n\n<div style=\"height:20px\" aria-hidden=\"true\" class=\"wp-block-spacer\"><\/div>\n\n<ul class=\"wp-block-list\"><li>Explorando la importancia de la sombra, el pensamiento no dualista y la naturaleza de los tratamientos energ\u00e9ticos y su correlaci\u00f3n con la psiconeuroinmunoendocrinolog\u00eda.<\/li><li>La psicolog\u00eda transpersonal se encuentra con la medicina energ\u00e9tica.<\/li><li>Los secretos de un practicante de sanaci\u00f3n compasivo.<\/li><li>Las leyes de la realidad y el misterio de la matriz cu\u00e1ntica interdimensional.<\/li><li>El verdadero nombre de la Ley de Atracci\u00f3n y lo que nunca has o\u00eddo sobre ella y sus realidades respecto a los sanadores y trabajadores energ\u00e9ticos.<\/li><li>La hermana fea de la ley de atracci\u00f3n.<\/li><li>La tercera ley de la realidad\/manifestaci\u00f3n: Lo que las antiguas tradiciones tienen que decir sobre la manifestaci\u00f3n y la forma correcta de abordarla.<\/li><li>Karma, creencias del alma y los misterios del sufrimiento.<\/li><li>Tradiciones antiguas japonesas, secretos del Reiki y las \u00f3rdenes esot\u00e9ricas orientales<\/li><li>Despertar y descubrir al sanador intuitivo.<\/li><li>Las tres joyas de la pr\u00e1ctica japonesa. Las nueve puertas tibetanas del alma y lo que nunca has o\u00eddo sobre los chakras. Descubre una forma totalmente diferente de ver el panorama de la sanaci\u00f3n. <\/li><li>Sanaci\u00f3n pr\u00e1ctica, casos cl\u00ednicos de los \u00faltimos 20 a\u00f1os. Se explorar\u00e1n diferentes casos cl\u00ednicos para comprender las diferentes realidades que afectan a los clientes con una variedad de problemas mentales, emocionales y f\u00edsicos con el fin de comprender las causas reales detr\u00e1s de muchos tipos diferentes de sufrimiento. <\/li><li>Comprender y manejar crisis curativas, fen\u00f3menos paranormales (un peque\u00f1o viaje a las realidades ocultas de la mente y las realidades interdimensionales).<\/li><li>La comprensi\u00f3n interdimensional de los trastornos mentales y emocionales.<\/li><li>Mucha pr\u00e1ctica curativa\u2026<\/li><\/ul>\n\n<div style=\"height:40px\" aria-hidden=\"true\" class=\"wp-block-spacer\"><\/div>\n\n<div style=\"height:20px\" aria-hidden=\"true\" class=\"wp-block-spacer\"><\/div>\n\n<p style=\"font-size:25px\"><strong>LAS FECHAS<\/strong><\/p>\n\n<div style=\"height:20px\" aria-hidden=\"true\" class=\"wp-block-spacer\"><\/div>\n\n<p>26 de marzo &#8211; 4 de abril de 2023<\/p>\n\n<div style=\"height:20px\" aria-hidden=\"true\" class=\"wp-block-spacer\"><\/div>\n\n<div style=\"height:20px\" aria-hidden=\"true\" class=\"wp-block-spacer\"><\/div>\n\n<p style=\"font-size:25px\"><strong>EL LUGAR<\/strong><\/p>\n\n<div style=\"height:20px\" aria-hidden=\"true\" class=\"wp-block-spacer\"><\/div>\n\n<p>\u00a1Le damos la bienvenida al maravilloso pueblo de Tepoztl\u00e1n, cuna de Quetzalcoatl, la serpiente emplumada! <\/p>\n\n<div style=\"height:20px\" aria-hidden=\"true\" class=\"wp-block-spacer\"><\/div>\n\n<div style=\"height:40px\" aria-hidden=\"true\" class=\"wp-block-spacer\"><\/div>\n\n<p style=\"font-size:25px\"><strong>ESTE RETIRO Y OTROS NIVELES<\/strong><\/p>\n\n<div style=\"height:20px\" aria-hidden=\"true\" class=\"wp-block-spacer\"><\/div>\n\n<p>Este retiro es la entrada a la Educaci\u00f3n de la Intuici\u00f3n, la Compasi\u00f3n y la Conciencia: es el primer m\u00f3dulo (ICC 1A).<\/p>\n\n<div style=\"height:20px\" aria-hidden=\"true\" class=\"wp-block-spacer\"><\/div>\n\n<p>Este programa trata sobre la percepci\u00f3n de la realidad tal como es y no como creemos que es. En \u00e9l se unen la psicolog\u00eda transpersonal, el pensamiento m\u00edstico y m\u00e1gico tao\u00edsta y budista para beneficiar a todos los seres sintientes. Obtendr\u00e1s una forma totalmente nueva de entender la realidad de la enfermedad, mir\u00e1ndola desde una perspectiva tanto psicol\u00f3gica como metaf\u00edsica. Descubre los secretos de la medicina interdimensional, el sufrimiento entr\u00f3pico y el enfoque compasivo.   <\/p>\n\n<div style=\"height:20px\" aria-hidden=\"true\" class=\"wp-block-spacer\"><\/div>\n\n<p>Ofrecemos 6 m\u00f3dulos a lo largo de un periodo de 3 a\u00f1os. No tienes obligaci\u00f3n de realizar m\u00f3dulos futuros, hay infinitas posibilidades. <\/p>\n\n<div style=\"height:20px\" aria-hidden=\"true\" class=\"wp-block-spacer\"><\/div>\n\n<p>ICC 1A: Iniciaci\u00f3n<br\/>ICC 1B: Introducci\u00f3n a la Magia Antigua<br\/>ICC 2A: Magia Sagrada<br\/>ICC2B: Disoluci\u00f3n del Espacio y el Tiempo<br\/>ICC 3A: Autodominio<br\/>ICC 3B: Maestr\u00eda<\/p>\n\n<div style=\"height:40px\" aria-hidden=\"true\" class=\"wp-block-spacer\"><\/div>\n\n<p style=\"font-size:25px\"><strong>LOS FACILITADORES<\/strong><\/p>\n\n<div style=\"height:20px\" aria-hidden=\"true\" class=\"wp-block-spacer\"><\/div>\n\n<p>Kriste Erme es una aclamada m\u00e9dium estonia, sanadora energ\u00e9tica, trabajadora de la respiraci\u00f3n y del cuerpo, terapeuta desarmaduradora y oste\u00f3pata. Kriste ense\u00f1ar\u00e1 junto con Jos\u00e9, ayudando a los participantes a trav\u00e9s de sus muchos dones a cambiar la mente, el cuerpo y el esp\u00edritu. Ella canalizar\u00e1 a gu\u00edas espirituales individuales, as\u00ed como al grupo en su conjunto. Tambi\u00e9n llevar\u00e1 a cabo ense\u00f1anzas diarias y clases pr\u00e1cticas junto con meditaciones activas, trabajo corporal, trabajo de respiraci\u00f3n y trabajo sist\u00e9mico (constelaciones familiares), ayudando a unir los puntos en su proceso muy personal e individual. Durante este retiro, Kriste canalizar\u00e1 ense\u00f1anzas junto con Jos\u00e9, haciendo que las transmisiones esot\u00e9ricas del conocimiento de la sabidur\u00eda antigua sean a\u00fan m\u00e1s conectadas y relevantes para los presentes. Kriste tambi\u00e9n canalizar\u00e1 a maestros y gu\u00edas individuales de los asistentes, incluido Alfiar, maestro de las tradiciones antiguas y ex maestro esot\u00e9rico de Jos\u00e9 mientras estaba vivo.     <\/p>\n\n<div style=\"height:20px\" aria-hidden=\"true\" class=\"wp-block-spacer\"><\/div>\n\n<p>Jos\u00e9 D Figueroa es un reconocido especialista internacional en tradiciones ancestrales, Medicina Energ\u00e9tica y docente que ha introducido programas de sanaci\u00f3n y Reiki en Hospitales y organizaciones de Salud alrededor del mundo durante los \u00faltimos 17 a\u00f1os, en los campos del c\u00e1ncer, fibromialgia, salud mental y s\u00edndrome de fatiga cr\u00f3nica entre otros. Jos\u00e9 se introdujo en la tradici\u00f3n esot\u00e9rica en 1984 y en la sanaci\u00f3n energ\u00e9tica en 1986, y ha sido sanador y docente profesional desde 2006. Para m\u00e1s informaci\u00f3n sobre Jos\u00e9, <a href=\"https:\/\/naturtherapies.com\/es\/jose-figueroa\">haga clic aqu\u00ed<\/a>.  <\/p>\n\n<div style=\"height:20px\" aria-hidden=\"true\" class=\"wp-block-spacer\"><\/div>\n\n<p><strong><strong>\u00bfSUENA COMO ALGO QUE TE GUSTAR\u00cdA HACER?<\/strong><\/strong><br\/><strong><em>\u00a1Espacios limitados!<\/em><\/strong><br\/>Para m\u00e1s informaci\u00f3n, reservas y consultas, p\u00f3ngase en contacto con Kriste<br\/>directamente por correo electr\u00f3nico:<a rel=\"noreferrer noopener\" href=\"mailto:sinuolemus@gmail.com\" target=\"_blank\"> sinuolemus@gmail.com<\/a> o por tel\u00e9fono\/WhatsApp: +372 56564707<\/p>\n\n<div style=\"height:20px\" aria-hidden=\"true\" class=\"wp-block-spacer\"><\/div>\n\n<div class=\"wp-block-buttons is-layout-flex wp-block-buttons-is-layout-flex\">\n<div class=\"wp-block-button\"><a class=\"wp-block-button__link has-text-color has-background\" href=\"https:\/\/naturtherapies.com\/producto\/icc-1a-module\" style=\"background-color:#8f8c69;color:#ffffff\">Haga clic aqu\u00ed para reservar su lugar hoy<\/a><\/div>\n<\/div>\n\n<div style=\"height:40px\" aria-hidden=\"true\" class=\"wp-block-spacer\"><\/div>\n\n<p style=\"font-size:25px\"><strong>INCLUIDO EN EL RETIRO<\/strong><\/p>\n\n<div style=\"height:20px\" aria-hidden=\"true\" class=\"wp-block-spacer\"><\/div>\n\n<ul class=\"wp-block-list\"><li>7 noches de alojamiento en un hermoso, saludable y potente hotel de cuatro estrellas en M\u00e9xico<\/li><li>Ense\u00f1anzas esot\u00e9ricas diarias de Jos\u00e9<\/li><li>Un ritual de Iniciaci\u00f3n en las Antiguas Tradiciones Mist\u00e9ricas con empoderamiento en sanaci\u00f3n intuitiva y Reiki siguiendo la tradici\u00f3n esot\u00e9rica Mikio de Jap\u00f3n.<\/li><li>Pr\u00e1cticas diarias de atenci\u00f3n plena<\/li><li>Sesiones de canalizaci\u00f3n grupal con Kriste<\/li><li>Talleres grupales<\/li><\/ul>\n\n<div style=\"height:20px\" aria-hidden=\"true\" class=\"wp-block-spacer\"><\/div>\n\n<p>Actividades de aumento de frecuencia grupal como:<\/p>\n\n<ul class=\"wp-block-list\"><li>Meditaciones guiadas<\/li><li>Constelaciones familiares<\/li><li>Respiraci\u00f3n biodin\u00e1mica<\/li><li>Trabajo Corporal<\/li><li>Sesiones de liberaci\u00f3n de traumas<\/li><li>Pr\u00e1ctica diaria de Reiki<\/li><li>Meditaciones activas diarias<\/li><li>Comidas nutritivas tres veces al d\u00eda: desayuno, almuerzo y cena (opciones veganas y vegetarianas disponibles)<\/li><\/ul>\n\n<div style=\"height:40px\" aria-hidden=\"true\" class=\"wp-block-spacer\"><\/div>\n\n<p style=\"font-size:25px\"><strong>NO INCLUIDO<\/strong><\/p>\n\n<div style=\"height:20px\" aria-hidden=\"true\" class=\"wp-block-spacer\"><\/div>\n\n<ul class=\"wp-block-list\"><li>Actividades de excursi\u00f3n opcionales (tarde)<\/li><li>Vuelos y seguros<\/li><li>Traslados al aeropuerto<\/li><li>Sesiones y tratamientos individuales<\/li><\/ul>\n\n<div style=\"height:40px\" aria-hidden=\"true\" class=\"wp-block-spacer\"><\/div>\n\n<div style=\"height:40px\" aria-hidden=\"true\" class=\"wp-block-spacer\"><\/div>\n\n<p style=\"font-size:25px\"><strong>PRECIOS Y HABITACIONES<\/strong><\/p>\n\n<div style=\"height:20px\" aria-hidden=\"true\" class=\"wp-block-spacer\"><\/div>\n\n<p>Todos los precios indicados son POR PERSONA<br\/>Ocupaci\u00f3n individual: habitaci\u00f3n para ti solo &#8211; ba\u00f1o privado, aire acondicionado, wifi gratis &#8211; 1.945 EUR<br\/>Ocupaci\u00f3n doble: comparte habitaci\u00f3n con alguien que conozcas o haz un nuevo amigo &#8211; Habitaciones tama\u00f1o queen y king, habitaciones twin disponibles &#8211; un ba\u00f1o, aire acondicionado, wifi gratis &#8211; 1.595 EUR por persona.<\/p>\n\n<div style=\"height:20px\" aria-hidden=\"true\" class=\"wp-block-spacer\"><\/div>\n\n<div class=\"wp-block-buttons is-layout-flex wp-block-buttons-is-layout-flex\">\n<div class=\"wp-block-button\"><a class=\"wp-block-button__link has-text-color has-background\" href=\"https:\/\/naturtherapies.com\/producto\/icc-1a-module\" style=\"background-color:#8f8c69;color:#ffffff\">Haga clic aqu\u00ed para reservar su lugar hoy<\/a><\/div>\n<\/div>\n\n<div style=\"height:20px\" aria-hidden=\"true\" class=\"wp-block-spacer\"><\/div>\n\n<p><strong><em>\u00a1Espacios Disponibles Limitados!<\/em><\/strong><br\/>Si tienes alguna pregunta, no dudes en contactarnos<br\/>por correo electr\u00f3nico: <a rel=\"noreferrer noopener\" href=\"mailto:sinuolemus@gmail.com\" target=\"_blank\">sinuolemus@gmail.com<\/a><br\/>por tel\u00e9fono\/WhatsApp: +372 56564707<\/p>\n\n<div style=\"height:20px\" aria-hidden=\"true\" class=\"wp-block-spacer\"><\/div>\n\n<div style=\"height:40px\" aria-hidden=\"true\" class=\"wp-block-spacer\"><\/div>\n\n<p style=\"font-size:25px\"><strong>M\u00c1S TESTIMONIOS<\/strong><\/p>\n\n<div style=\"height:20px\" aria-hidden=\"true\" class=\"wp-block-spacer\"><\/div>\n\n<p>El retiro facilitado por Jos\u00e9 y Kriste es una experiencia m\u00edstica. Un entorno seguro y de apoyo energ\u00e9tico cuidadosamente elegido, una estancia en un lugar de alta calidad, buena compa\u00f1\u00eda, profesores experimentados que imparten ense\u00f1anzas pr\u00e1cticas de la vida, excursiones a lugares apasionantes. Recomiendo encarecidamente este retiro a todo aquel que quiera saber m\u00e1s sobre la sanaci\u00f3n.  <br\/><em>M\u00e9dico, acupunturista y sanador energ\u00e9tico- Erki Ennok.<\/em><\/p>\n\n<div style=\"height:20px\" aria-hidden=\"true\" class=\"wp-block-spacer\"><\/div>\n\n<p>\u00a1Gracias por el incre\u00edble retiro en Cob\u00e1, M\u00e9xico! Disfrut\u00e9 mucho de la sabidur\u00eda ancestral que compartieron Jos\u00e9 y los hermosos ancianos mayas. Personalmente, tuve visiones muy poderosas mientras visitaba el complejo de pir\u00e1mides de Cob\u00e1 y eso ampli\u00f3 mucho mis habilidades sensitivas. Las experiencias en cenotes y temascal fueron alucinantes. Y, por supuesto, la actualizaci\u00f3n de la energ\u00eda del reiki me elev\u00f3 en todos los sentidos posibles. Como sanadora y terapeuta, me he encontrado usando muchas t\u00e9cnicas que he aprendido mientras era estudiante de Jos\u00e9. Mi visi\u00f3n de la vida ha cambiado y, junto con eso, tambi\u00e9n mi conciencia sobre muchas cosas. Espero con ansias m\u00e1s reuniones en M\u00e9xico. Despu\u00e9s de recibir las ense\u00f1anzas de sanaci\u00f3n energ\u00e9tica y reiki de Jos\u00e9, he asistido a otros talleres de facilitadores y he llegado a comprender la profundidad de la importancia de lo que aprend\u00ed en los retiros de Jos\u00e9. Espero asistir a m\u00e1s en el futuro.         <br\/><em>Terapeuta hol\u00edstica y sanadora energ\u00e9tica: Anneli Saal.<\/em><\/p>\n\n<div style=\"height:20px\" aria-hidden=\"true\" class=\"wp-block-spacer\"><\/div>\n\n<p>El retiro cambi\u00f3 mi vida porque fue un comienzo incre\u00edble para un nuevo cap\u00edtulo en mi vida. Despu\u00e9s de las iniciaciones y todas las pr\u00e1cticas diarias, me sent\u00ed tan conectado con mi esp\u00edritu y guiado conscientemente como nunca antes lo hab\u00eda experimentado. Comenc\u00e9 a sentir una relaci\u00f3n m\u00e1s profunda con el esp\u00edritu y el universo mientras notaba que las \u201ccoincidencias\u201d y la magia ocurr\u00edan con m\u00e1s frecuencia para m\u00ed. M\u00e1s de medio a\u00f1o despu\u00e9s del primer retiro, estaba sanando las emociones dentro de mi sistema usando las t\u00e9cnicas que hab\u00eda aprendido. Siempre que uso las pr\u00e1cticas siento un gran cambio y s\u00e9 que est\u00e1 impactando mi linaje ancestral. Fue tan hermoso darme cuenta de lo bendecida que soy de haber encontrado a Jos\u00e9, quien brinda una comprensi\u00f3n y un valor tan profundo. No tengo dudas de que la sanaci\u00f3n que he aprendido perfectamente y ayuda a sanarme a m\u00ed misma y a los dem\u00e1s. Todo mi estado de ser ha cambiado. En el entorno, conoc\u00ed a las personas perfectas con ideas afines que me ayudaron a crecer.        <br\/><em>Profesora de yoga, terapeuta y sanadora energ\u00e9tica: Anna K\u00e4go.<\/em><\/p>\n\n<div style=\"height:20px\" aria-hidden=\"true\" class=\"wp-block-spacer\"><\/div>\n\n<p>Las ense\u00f1anzas de Jos\u00e9 son tan profundas como una biblioteca nacional. \u00c9l sabe de lo que habla y, m\u00e1s que solo el trabajo energ\u00e9tico, es la visi\u00f3n global y refrescante de la realidad curativa. No es algo que deba ser comprendido por la mente, es algo que se debe sentir. El llamado estaba m\u00e1s presente en m\u00ed y estoy muy feliz de usar todas sus ense\u00f1anzas de sanaci\u00f3n energ\u00e9tica de reiki en todo lo que hago.<br\/>Kriste es una facilitadora incre\u00edble del retiro desde el principio hasta el final. La polaridad que est\u00e1 creando con Jos\u00e9 es el equilibrio perfecto para apoyar nuestro proceso y la integraci\u00f3n de energ\u00edas. La canalizaci\u00f3n de Kriste durante el retiro fue de apoyo en el proceso grupal e individual y ayud\u00f3 a aclarar para una mejor comprensi\u00f3n de la ense\u00f1anza. \u00a1Es poderoso!      <br\/>Realmente recomiendo la formaci\u00f3n, ya que es un curso muy completo y rico y es para cualquier persona que se sienta adentrada de forma adecuada en la sanaci\u00f3n energ\u00e9tica.<br\/><em>Trabajador corporal, desarmado y sanador energ\u00e9tico: Anthony Larnaudie<\/em><\/p>\n\n<div style=\"height:20px\" aria-hidden=\"true\" class=\"wp-block-spacer\"><\/div>\n","protected":false},"excerpt":{"rendered":"<p>INTUICI\u00d3N, COMPASI\u00d3N Y CONCIENCIA (M\u00d3DULO 1A) MISTERIOS DE LA SANACI\u00d3N, TRADICIONES ANTIGUAS, SECRETOS DE MAGIA COMPASIVA Y REIKIpor Kriste Eerme y Jose Figueroa La experiencia de Intuici\u00f3n, Compasi\u00f3n y Conciencia es un homenaje al deseo de tu alma de convertirse y expresar su voluntad superior&#8230;<\/p>\n","protected":false},"author":1,"featured_media":0,"parent":0,"menu_order":0,"comment_status":"closed","ping_status":"closed","template":"","meta":{"give_campaign_id":0,"_joinchat":[],"footnotes":""},"class_list":["post-2006","page","type-page","status-publish","hentry"],"yoast_head":"<!-- This site is optimized with the Yoast SEO plugin v26.9 - https:\/\/yoast.com\/product\/yoast-seo-wordpress\/ -->\n<title>Intuici\u00f3n, Compasi\u00f3n y Conciencia (M\u00f3dulo 1A) - Naturtherapies<\/title>\n<meta name=\"robots\" content=\"index, follow, max-snippet:-1, max-image-preview:large, max-video-preview:-1\" \/>\n<link rel=\"canonical\" href=\"https:\/\/naturtherapies.com\/es\/intuicion-compasion-y-conciencia-modulo-1a\/\" \/>\n<meta property=\"og:locale\" content=\"es_ES\" \/>\n<meta property=\"og:type\" content=\"article\" \/>\n<meta property=\"og:title\" content=\"Intuici\u00f3n, Compasi\u00f3n y Conciencia (M\u00f3dulo 1A) - Naturtherapies\" \/>\n<meta property=\"og:description\" content=\"INTUICI\u00d3N, COMPASI\u00d3N Y CONCIENCIA (M\u00d3DULO 1A) MISTERIOS DE LA SANACI\u00d3N, TRADICIONES ANTIGUAS, SECRETOS DE MAGIA COMPASIVA Y REIKIpor Kriste Eerme y Jose Figueroa La experiencia de Intuici\u00f3n, Compasi\u00f3n y Conciencia es un homenaje al deseo de tu alma de convertirse y expresar su voluntad superior...\" \/>\n<meta property=\"og:url\" content=\"https:\/\/naturtherapies.com\/es\/intuicion-compasion-y-conciencia-modulo-1a\/\" \/>\n<meta property=\"og:site_name\" content=\"Naturtherapies\" \/>\n<meta property=\"article:publisher\" content=\"https:\/\/www.facebook.com\/people\/Jos-D-Figueroa-Garcia-Estonia\/100081915895475\/\" \/>\n<meta property=\"article:modified_time\" content=\"2025-12-27T14:08:30+00:00\" \/>\n<meta property=\"og:image\" content=\"https:\/\/naturtherapies.com\/wp-content\/uploads\/2023\/01\/Screenshot-2023-01-24-100124-1024x339.png\" \/>\n<meta name=\"twitter:card\" content=\"summary_large_image\" \/>\n<meta name=\"twitter:label1\" content=\"Tiempo de lectura\" \/>\n\t<meta name=\"twitter:data1\" content=\"14 minutos\" \/>\n<script type=\"application\/ld+json\" class=\"yoast-schema-graph\">{\"@context\":\"https:\/\/schema.org\",\"@graph\":[{\"@type\":\"WebPage\",\"@id\":\"https:\/\/naturtherapies.com\/es\/intuicion-compasion-y-conciencia-modulo-1a\/\",\"url\":\"https:\/\/naturtherapies.com\/es\/intuicion-compasion-y-conciencia-modulo-1a\/\",\"name\":\"Intuici\u00f3n, Compasi\u00f3n y Conciencia (M\u00f3dulo 1A) - Naturtherapies\",\"isPartOf\":{\"@id\":\"https:\/\/naturtherapies.com\/es\/#website\"},\"primaryImageOfPage\":{\"@id\":\"https:\/\/naturtherapies.com\/es\/intuicion-compasion-y-conciencia-modulo-1a\/#primaryimage\"},\"image\":{\"@id\":\"https:\/\/naturtherapies.com\/es\/intuicion-compasion-y-conciencia-modulo-1a\/#primaryimage\"},\"thumbnailUrl\":\"https:\/\/naturtherapies.com\/wp-content\/uploads\/2023\/01\/Screenshot-2023-01-24-100124-1024x339.png\",\"datePublished\":\"2023-01-24T18:06:25+00:00\",\"dateModified\":\"2025-12-27T14:08:30+00:00\",\"breadcrumb\":{\"@id\":\"https:\/\/naturtherapies.com\/es\/intuicion-compasion-y-conciencia-modulo-1a\/#breadcrumb\"},\"inLanguage\":\"es\",\"potentialAction\":[{\"@type\":\"ReadAction\",\"target\":[\"https:\/\/naturtherapies.com\/es\/intuicion-compasion-y-conciencia-modulo-1a\/\"]}]},{\"@type\":\"ImageObject\",\"inLanguage\":\"es\",\"@id\":\"https:\/\/naturtherapies.com\/es\/intuicion-compasion-y-conciencia-modulo-1a\/#primaryimage\",\"url\":\"https:\/\/naturtherapies.com\/wp-content\/uploads\/2023\/01\/Screenshot-2023-01-24-100124-1024x339.png\",\"contentUrl\":\"https:\/\/naturtherapies.com\/wp-content\/uploads\/2023\/01\/Screenshot-2023-01-24-100124-1024x339.png\"},{\"@type\":\"BreadcrumbList\",\"@id\":\"https:\/\/naturtherapies.com\/es\/intuicion-compasion-y-conciencia-modulo-1a\/#breadcrumb\",\"itemListElement\":[{\"@type\":\"ListItem\",\"position\":1,\"name\":\"Portada\",\"item\":\"https:\/\/naturtherapies.com\/es\/inicio\/\"},{\"@type\":\"ListItem\",\"position\":2,\"name\":\"Intuici\u00f3n, Compasi\u00f3n y Conciencia (M\u00f3dulo 1A)\"}]},{\"@type\":\"WebSite\",\"@id\":\"https:\/\/naturtherapies.com\/es\/#website\",\"url\":\"https:\/\/naturtherapies.com\/es\/\",\"name\":\"NATURTHERAPIES\",\"description\":\"\",\"potentialAction\":[{\"@type\":\"SearchAction\",\"target\":{\"@type\":\"EntryPoint\",\"urlTemplate\":\"https:\/\/naturtherapies.com\/es\/?s={search_term_string}\"},\"query-input\":{\"@type\":\"PropertyValueSpecification\",\"valueRequired\":true,\"valueName\":\"search_term_string\"}}],\"inLanguage\":\"es\"}]}<\/script>\n<!-- \/ Yoast SEO plugin. -->","yoast_head_json":{"title":"Intuici\u00f3n, Compasi\u00f3n y Conciencia (M\u00f3dulo 1A) - Naturtherapies","robots":{"index":"index","follow":"follow","max-snippet":"max-snippet:-1","max-image-preview":"max-image-preview:large","max-video-preview":"max-video-preview:-1"},"canonical":"https:\/\/naturtherapies.com\/es\/intuicion-compasion-y-conciencia-modulo-1a\/","og_locale":"es_ES","og_type":"article","og_title":"Intuici\u00f3n, Compasi\u00f3n y Conciencia (M\u00f3dulo 1A) - Naturtherapies","og_description":"INTUICI\u00d3N, COMPASI\u00d3N Y CONCIENCIA (M\u00d3DULO 1A) MISTERIOS DE LA SANACI\u00d3N, TRADICIONES ANTIGUAS, SECRETOS DE MAGIA COMPASIVA Y REIKIpor Kriste Eerme y Jose Figueroa La experiencia de Intuici\u00f3n, Compasi\u00f3n y Conciencia es un homenaje al deseo de tu alma de convertirse y expresar su voluntad superior...","og_url":"https:\/\/naturtherapies.com\/es\/intuicion-compasion-y-conciencia-modulo-1a\/","og_site_name":"Naturtherapies","article_publisher":"https:\/\/www.facebook.com\/people\/Jos-D-Figueroa-Garcia-Estonia\/100081915895475\/","article_modified_time":"2025-12-27T14:08:30+00:00","og_image":[{"url":"https:\/\/naturtherapies.com\/wp-content\/uploads\/2023\/01\/Screenshot-2023-01-24-100124-1024x339.png","type":"","width":"","height":""}],"twitter_card":"summary_large_image","twitter_misc":{"Tiempo de lectura":"14 minutos"},"schema":{"@context":"https:\/\/schema.org","@graph":[{"@type":"WebPage","@id":"https:\/\/naturtherapies.com\/es\/intuicion-compasion-y-conciencia-modulo-1a\/","url":"https:\/\/naturtherapies.com\/es\/intuicion-compasion-y-conciencia-modulo-1a\/","name":"Intuici\u00f3n, Compasi\u00f3n y Conciencia (M\u00f3dulo 1A) - Naturtherapies","isPartOf":{"@id":"https:\/\/naturtherapies.com\/es\/#website"},"primaryImageOfPage":{"@id":"https:\/\/naturtherapies.com\/es\/intuicion-compasion-y-conciencia-modulo-1a\/#primaryimage"},"image":{"@id":"https:\/\/naturtherapies.com\/es\/intuicion-compasion-y-conciencia-modulo-1a\/#primaryimage"},"thumbnailUrl":"https:\/\/naturtherapies.com\/wp-content\/uploads\/2023\/01\/Screenshot-2023-01-24-100124-1024x339.png","datePublished":"2023-01-24T18:06:25+00:00","dateModified":"2025-12-27T14:08:30+00:00","breadcrumb":{"@id":"https:\/\/naturtherapies.com\/es\/intuicion-compasion-y-conciencia-modulo-1a\/#breadcrumb"},"inLanguage":"es","potentialAction":[{"@type":"ReadAction","target":["https:\/\/naturtherapies.com\/es\/intuicion-compasion-y-conciencia-modulo-1a\/"]}]},{"@type":"ImageObject","inLanguage":"es","@id":"https:\/\/naturtherapies.com\/es\/intuicion-compasion-y-conciencia-modulo-1a\/#primaryimage","url":"https:\/\/naturtherapies.com\/wp-content\/uploads\/2023\/01\/Screenshot-2023-01-24-100124-1024x339.png","contentUrl":"https:\/\/naturtherapies.com\/wp-content\/uploads\/2023\/01\/Screenshot-2023-01-24-100124-1024x339.png"},{"@type":"BreadcrumbList","@id":"https:\/\/naturtherapies.com\/es\/intuicion-compasion-y-conciencia-modulo-1a\/#breadcrumb","itemListElement":[{"@type":"ListItem","position":1,"name":"Portada","item":"https:\/\/naturtherapies.com\/es\/inicio\/"},{"@type":"ListItem","position":2,"name":"Intuici\u00f3n, Compasi\u00f3n y Conciencia (M\u00f3dulo 1A)"}]},{"@type":"WebSite","@id":"https:\/\/naturtherapies.com\/es\/#website","url":"https:\/\/naturtherapies.com\/es\/","name":"NATURTHERAPIES","description":"","potentialAction":[{"@type":"SearchAction","target":{"@type":"EntryPoint","urlTemplate":"https:\/\/naturtherapies.com\/es\/?s={search_term_string}"},"query-input":{"@type":"PropertyValueSpecification","valueRequired":true,"valueName":"search_term_string"}}],"inLanguage":"es"}]}},"campaignId":"","_links":{"self":[{"href":"https:\/\/naturtherapies.com\/es\/wp-json\/wp\/v2\/pages\/2006","targetHints":{"allow":["GET"]}}],"collection":[{"href":"https:\/\/naturtherapies.com\/es\/wp-json\/wp\/v2\/pages"}],"about":[{"href":"https:\/\/naturtherapies.com\/es\/wp-json\/wp\/v2\/types\/page"}],"author":[{"embeddable":true,"href":"https:\/\/naturtherapies.com\/es\/wp-json\/wp\/v2\/users\/1"}],"replies":[{"embeddable":true,"href":"https:\/\/naturtherapies.com\/es\/wp-json\/wp\/v2\/comments?post=2006"}],"version-history":[{"count":3,"href":"https:\/\/naturtherapies.com\/es\/wp-json\/wp\/v2\/pages\/2006\/revisions"}],"predecessor-version":[{"id":2088,"href":"https:\/\/naturtherapies.com\/es\/wp-json\/wp\/v2\/pages\/2006\/revisions\/2088"}],"wp:attachment":[{"href":"https:\/\/naturtherapies.com\/es\/wp-json\/wp\/v2\/media?parent=2006"}],"curies":[{"name":"wp","href":"https:\/\/api.w.org\/{rel}","templated":true}]}}